{"id":1380,"date":"2021-02-28T20:40:21","date_gmt":"2021-02-28T19:40:21","guid":{"rendered":"http:\/\/www.lacouetteducoeur.ch\/wp\/?page_id=1380"},"modified":"2021-02-28T20:40:21","modified_gmt":"2021-02-28T19:40:21","slug":"les-mots-des-parents-2008","status":"publish","type":"page","link":"https:\/\/www.lacouetteducoeur.ch\/wp\/les-messages\/les-mots-des-parents\/les-mots-des-parents-2008\/","title":{"rendered":"Les mots des parents : 2008"},"content":{"rendered":"\n<pre class=\"wp-block-code\"><code><div class=\"gwolle-gb\"><div class=\"gwolle-gb-read gwolle-gb-ajax\" data-book_id=\"2\"><div id=\"gwolle-gb-total\" class=\"gwolle-gb-total\">12 messages.<\/div><!-- Gwolle-GB Entry: Default Template Loaded -->\n\t\t\t\t<div class=\"gb-entry gb-entry_34 gb-entry-count_1 gwolle_gb_uneven gwolle-gb-uneven gwolle_gb_first gwolle-gb-first\">\n\t\t\t\t<article>\n\t\t\t\t\t<div class=\"gb-author-info\">\n\t\t\t\t\t\t<span class=\"gb-author-name\">Philippe, Dao, Emilie et Clara\n\t\t\t\t\t\t<\/span>\n\t\t\t\t\t\t<span class=\"gb-datetime\">\n\t\t\t\t\t\t\t<span class=\"gb-date\"><span class=\"gb-date-wrote-text\"> a \u00e9crit le<\/span><span class=\"gb-date-text\"> 1 novembre 2008<\/span>\n\t\t\t\t\t\t\t<\/span>\n\t\t\t\t\t\t<\/span> \n\t\t\t\t\t<\/div>\n\t\t\t\t\t<div class=\"gb-entry-content\">Un grand merci pour cette belle couette qui a tenu notre petite Clara au chaud pendant son s\u00e9jour en n\u00e9onatologie au CHUV (15 octobre 2008). Votre geste est tr\u00e8s touchant et signifie beaucoup pour nous. Nous vous remercions non seulement de votre g\u00e9n\u00e9rosit\u00e9 du coeur, de votre temps, mais aussi du talent avec lequel vous avez confectionn\u00e9 cette couette. F\u00e9licitations! Apr\u00e8s son passage au CHUV, Clara a \u00e9t\u00e9 transf\u00e9r\u00e9e dans un h\u00f4pital de proximit\u00e9 et elle est depuis hier apr\u00e8s-midi \u00e0 la maison. Amicalement.\n\t\t\t\t\t<\/div>\n\t\t\t\t<\/article>\n\t\t\t<\/div>\n\t\t\t<div class=\"gb-entry gb-entry_33 gb-entry-count_2 gwolle_gb_even gwolle-gb-even\">\n\t\t\t\t<article>\n\t\t\t\t\t<div class=\"gb-author-info\">\n\t\t\t\t\t\t<span class=\"gb-author-name\">St\u00e9phane et Cindy\n\t\t\t\t\t\t<\/span>\n\t\t\t\t\t\t<span class=\"gb-datetime\">\n\t\t\t\t\t\t\t<span class=\"gb-date\"><span class=\"gb-date-wrote-text\"> a \u00e9crit le<\/span><span class=\"gb-date-text\"> 1 octobre 2008<\/span>\n\t\t\t\t\t\t\t<\/span>\n\t\t\t\t\t\t<\/span> \n\t\t\t\t\t<\/div>\n\t\t\t\t\t<div class=\"gb-entry-content\">Bonjour,Quelle surprise d&#039;avoir vu cette magnifique couette sur la couveuse de notre petite Ava. L&#039;infirmi\u00e8re a fait un tr\u00e8s beau choix ! Merci beaucoup pour la chaleur apport\u00e9e \u00e0 notre petite puce, elle en a besoin et nous parents, vous en sommes tr\u00e8s reconnaissants ! Continuez, vous n&#039;imaginez pas \u00e0 quel point ce pr\u00e9sent est important !Amicalement\n\t\t\t\t\t<\/div>\n\t\t\t\t<\/article>\n\t\t\t<\/div>\n\t\t\t<div class=\"gb-entry gb-entry_32 gb-entry-count_3 gwolle_gb_uneven gwolle-gb-uneven\">\n\t\t\t\t<article>\n\t\t\t\t\t<div class=\"gb-author-info\">\n\t\t\t\t\t\t<span class=\"gb-author-name\">Daniel, Vanessa et Alicia\n\t\t\t\t\t\t<\/span>\n\t\t\t\t\t\t<span class=\"gb-datetime\">\n\t\t\t\t\t\t\t<span class=\"gb-date\"><span class=\"gb-date-wrote-text\"> a \u00e9crit le<\/span><span class=\"gb-date-text\"> 1 juillet 2008<\/span>\n\t\t\t\t\t\t\t<\/span>\n\t\t\t\t\t\t<\/span> \n\t\t\t\t\t<\/div>\n\t\t\t\t\t<div class=\"gb-entry-content\">Bonjour,Ma femme est arriv\u00e9e aux urgences du CHUV et c&#039;est l\u00e0 que les m\u00e9decins ont d\u00e9couvert qu&#039;elle avait une maladie li\u00e9e \u00e0 la grossesse. La seule solution pour que son \u00e9tat ne devienne critique \u00e9tait de provoquer l&#039;accouchement. Bien entendu le terme de la grossesse \u00e9tait encore loin.Nous avons v\u00e9cu tr\u00e8s rapidement et dans l&#039;inqui\u00e9tude : l&#039;accouchement, l&#039;inconnu quant \u00e0 la sant\u00e9 de notre petite fille, puis la n\u00e9onatalogie. Nous \u00e9tions pr\u00e9sents tous les jours et les moments n&#039;\u00e9taient pas toujours roses.Vous ne pouvez vous imaginer \u00e0 quel point cette magnifique couette nous a fait chaud au coeur. Encore plus, le fait de savoir que des personnes utilisaient leur passion pour soutenir ces jeunes parents et enfants dans ces moments difficiles... vous avez toute notre gratitude et notre admiration.Je ne peux que vous souhaiter de continuer \u00e0 distribuer de la joie encore durant de nombreuses ann\u00e9es.Mille mercis !PS : Notre petite Alicia a \u00e9t\u00e9 transf\u00e9r\u00e9e en d\u00e9but de semaine dans un h\u00f4pital de proximit\u00e9, son \u00e9tat ne n\u00e9cessitant plus les soins du CHUV et nous n&#039;avons malheureusement pas eu l&#039;occasion d&#039;\u00e9crire dans votre livre d&#039;or. C&#039;est pourquoi, nous saisissons l&#039;occasion de le faire via l&#039;e-mail.\n\t\t\t\t\t<\/div>\n\t\t\t\t<\/article>\n\t\t\t<\/div>\n\t\t\t<div class=\"gb-entry gb-entry_7 gb-entry-count_4 gwolle_gb_even gwolle-gb-even\">\n\t\t\t\t<article>\n\t\t\t\t\t<div class=\"gb-author-info\">\n\t\t\t\t\t\t<span class=\"gb-author-name\">La famille de Fiona\n\t\t\t\t\t\t<\/span>\n\t\t\t\t\t\t<span class=\"gb-datetime\">\n\t\t\t\t\t\t\t<span class=\"gb-date\"><span class=\"gb-date-wrote-text\"> a \u00e9crit le<\/span><span class=\"gb-date-text\"> 1 juin 2008<\/span>\n\t\t\t\t\t\t\t<\/span>\n\t\t\t\t\t\t<\/span> \n\t\t\t\t\t<\/div>\n\t\t\t\t\t<div class=\"gb-entry-content\">BonjourSuite \u00e0 votre gentille et magnifique attention lors du passage de Fiona en n\u00e9onatalogie, nous vous remettons une photo de la petite puce qui progresse de jour en jour.Un grand merci pour ce pr\u00e9sent qui nous touche \u00e9norm\u00e9ment dans les moments difficiles que nous traversons.En effet, Fiona est n\u00e9e pr\u00e9matur\u00e9ment le 20 avril 2008 et malheureusement elle a perdu sa maman.\u00c7a fait du bien de voir que des gens attentionn\u00e9s pensent aux autres et apportent du r\u00e9confort dans des situations parfois tr\u00e8s dures. On se sent moins seul et cela nous apporte un peu de chaleur et de courage pour la suiteMerci pour tout!\n\t\t\t\t\t<\/div>\n\t\t\t\t<\/article>\n\t\t\t<\/div>\n\t\t\t<div class=\"gb-entry gb-entry_28 gb-entry-count_5 gwolle_gb_uneven gwolle-gb-uneven\">\n\t\t\t\t<article>\n\t\t\t\t\t<div class=\"gb-author-info\">\n\t\t\t\t\t\t<span class=\"gb-author-name\">Patrick et Evelyne\n\t\t\t\t\t\t<\/span>\n\t\t\t\t\t\t<span class=\"gb-datetime\">\n\t\t\t\t\t\t\t<span class=\"gb-date\"><span class=\"gb-date-wrote-text\"> a \u00e9crit le<\/span><span class=\"gb-date-text\"> 1 juin 2008<\/span>\n\t\t\t\t\t\t\t<\/span>\n\t\t\t\t\t\t<\/span> \n\t\t\t\t\t<\/div>\n\t\t\t\t\t<div class=\"gb-entry-content\">Bravo et merci pour la magnifique couette qui accompagne Gr\u00e9gory tout au long de son s\u00e9jour ici \u00e0 Sion!A la maison, elle illuminera ses journ\u00e9es et ses jeux, et mettra ainsi de la gaiet\u00e9.Avec toute notre admiration pour cette belle initiative.\n\t\t\t\t\t<\/div>\n\t\t\t\t<\/article>\n\t\t\t<\/div>\n\t\t\t<div class=\"gb-entry gb-entry_29 gb-entry-count_6 gwolle_gb_even gwolle-gb-even\">\n\t\t\t\t<article>\n\t\t\t\t\t<div class=\"gb-author-info\">\n\t\t\t\t\t\t<span class=\"gb-author-name\">Baptiste, Katia et Pierrot\n\t\t\t\t\t\t<\/span>\n\t\t\t\t\t\t<span class=\"gb-datetime\">\n\t\t\t\t\t\t\t<span class=\"gb-date\"><span class=\"gb-date-wrote-text\"> a \u00e9crit le<\/span><span class=\"gb-date-text\"> 1 juin 2008<\/span>\n\t\t\t\t\t\t\t<\/span>\n\t\t\t\t\t\t<\/span> \n\t\t\t\t\t<\/div>\n\t\t\t\t\t<div class=\"gb-entry-content\">Quel \u00e9merveillement nous avons eu en d\u00e9couvrant cette belle couette.Quel \u00e9tonnement de lire que cette couverture nous \u00e9tait offerte.Un beau souvenir pour notre petit Baptiste qui a voulu conna\u00eetre notre monde un peu trop t\u00f4t!Encore mille mercis et que votre association perdure, c&#039;est g\u00e9nial.\n\t\t\t\t\t<\/div>\n\t\t\t\t<\/article>\n\t\t\t<\/div>\n\t\t\t<div class=\"gb-entry gb-entry_30 gb-entry-count_7 gwolle_gb_uneven gwolle-gb-uneven\">\n\t\t\t\t<article>\n\t\t\t\t\t<div class=\"gb-author-info\">\n\t\t\t\t\t\t<span class=\"gb-author-name\">Th\u00e9o, S\u00e9verine et Pierre Antille\n\t\t\t\t\t\t<\/span>\n\t\t\t\t\t\t<span class=\"gb-datetime\">\n\t\t\t\t\t\t\t<span class=\"gb-date\"><span class=\"gb-date-wrote-text\"> a \u00e9crit le<\/span><span class=\"gb-date-text\"> 1 juin 2008<\/span>\n\t\t\t\t\t\t\t<\/span>\n\t\t\t\t\t\t<\/span> \n\t\t\t\t\t<\/div>\n\t\t\t\t\t<div class=\"gb-entry-content\">Th\u00e9o vous remercie du fond du coeur pour son tout premier pr\u00e9sent qui lui a apport\u00e9 ga\u00eet\u00e9 et chaleur!Sa couette l&#039;accompagnera longtemps! Merci \u00e9norm\u00e9ment pour ce geste merveilleux!F\u00e9licitations et continuez ce geste qui r\u00e9chauffe aussi le coeur des parents.\n\t\t\t\t\t<\/div>\n\t\t\t\t<\/article>\n\t\t\t<\/div>\n\t\t\t<div class=\"gb-entry gb-entry_31 gb-entry-count_8 gwolle_gb_even gwolle-gb-even\">\n\t\t\t\t<article>\n\t\t\t\t\t<div class=\"gb-author-info\">\n\t\t\t\t\t\t<span class=\"gb-author-name\">Charl\u00e8ne Carrupt\n\t\t\t\t\t\t<\/span>\n\t\t\t\t\t\t<span class=\"gb-datetime\">\n\t\t\t\t\t\t\t<span class=\"gb-date\"><span class=\"gb-date-wrote-text\"> a \u00e9crit le<\/span><span class=\"gb-date-text\"> 1 juin 2008<\/span>\n\t\t\t\t\t\t\t<\/span>\n\t\t\t\t\t\t<\/span> \n\t\t\t\t\t<\/div>\n\t\t\t\t\t<div class=\"gb-entry-content\">Un petit ange plein de curiosit\u00e9, un peu trop vite a point\u00e9 son nez pour d\u00e9couvrir un monde merveilleux \u00e0 travers l&#039;oc\u00e9an de ses yeux.Au fil de ses toutes premi\u00e8res heures, il lui a fallu beaucoup d&#039;amour et de chaleur, au sens propre, comme au figur\u00e9, c&#039;est tout cela que sa couette lui a apport\u00e9!Merci \u00e0 ces anges gardiens, \u00e0 ces dames du Coeur, qui par leur geste apportent un brin de bonheur.\n\t\t\t\t\t<\/div>\n\t\t\t\t<\/article>\n\t\t\t<\/div>\n\t\t\t<div class=\"gb-entry gb-entry_24 gb-entry-count_9 gwolle_gb_uneven gwolle-gb-uneven\">\n\t\t\t\t<article>\n\t\t\t\t\t<div class=\"gb-author-info\">\n\t\t\t\t\t\t<span class=\"gb-author-name\">Corinne Perrollaz\n\t\t\t\t\t\t<\/span>\n\t\t\t\t\t\t<span class=\"gb-datetime\">\n\t\t\t\t\t\t\t<span class=\"gb-date\"><span class=\"gb-date-wrote-text\"> a \u00e9crit le<\/span><span class=\"gb-date-text\"> 1 avril 2008<\/span>\n\t\t\t\t\t\t\t<\/span>\n\t\t\t\t\t\t<\/span> \n\t\t\t\t\t<\/div>\n\t\t\t\t\t<div class=\"gb-entry-content\">Bonjour,Au d\u00e9tour d\u2019un \u00ab surf \u00bb, entre t\u00e9t\u00e9s, go\u00fbters\u2026 j\u2019ai d\u00e9couvert votre site internet et trouv\u00e9 une photo de Juliette.Du coup, j\u2019ai eu envie de vous remercier encore une fois pour ce premier cadeau des filles, alors m\u00eame que nous n\u2019avions qu\u2019encore tr\u00e8s peu annonc\u00e9 les naissances.C\u2019est un moment o\u00f9 l\u2019on est hors du monde et o\u00f9 l\u2019on se sent tr\u00e8s seul et d\u00e9muni et votre geste apporte du r\u00e9confort.MERCI\n\t\t\t\t\t<\/div>\n\t\t\t\t<\/article>\n\t\t\t<\/div>\n\t\t\t<div class=\"gb-entry gb-entry_25 gb-entry-count_10 gwolle_gb_even gwolle-gb-even\">\n\t\t\t\t<article>\n\t\t\t\t\t<div class=\"gb-author-info\">\n\t\t\t\t\t\t<span class=\"gb-author-name\">Isabelle\n\t\t\t\t\t\t<\/span>\n\t\t\t\t\t\t<span class=\"gb-datetime\">\n\t\t\t\t\t\t\t<span class=\"gb-date\"><span class=\"gb-date-wrote-text\"> a \u00e9crit le<\/span><span class=\"gb-date-text\"> 1 avril 2008<\/span>\n\t\t\t\t\t\t\t<\/span>\n\t\t\t\t\t\t<\/span> \n\t\t\t\t\t<\/div>\n\t\t\t\t\t<div class=\"gb-entry-content\">Ch\u00e8res toutes,Notre petit Math\u00e9o est n\u00e9 au CHUV le 6 f\u00e9vrier dernier. Sa couette du coeur nous a accueillis d\u00e8s les premi\u00e8res visites en n\u00e9onatalogie. Cette couette aura jou\u00e9 tout son r\u00f4le tout au long de la vie de notre petit bonhomme: elle l&#039;aura prot\u00e9g\u00e9 de la lumi\u00e8re, adouci les sons, accueilli les fronts \u00e9puis\u00e9s de ces parents, mis de la gaiet\u00e9 autour de son isolette. Math\u00e9o est parti le 17 mars dernier mais la couette reste un souvenir important de notre vie de famille autour de lui. Elle est depuis revenue \u00e0 la maison et nous esp\u00e9rons que les fr\u00e8res et s\u0153urs \u00e0 venir de Math\u00e9o en profiteront.Merci pour cette tr\u00e8s belle initiative qui met du baume au coeur de tous.Bon courage pour continuer.\u00a0 Mille mercis.\n\t\t\t\t\t<\/div>\n\t\t\t\t<\/article>\n\t\t\t<\/div>\n\t\t\t<div class=\"gb-entry gb-entry_27 gb-entry-count_11 gwolle_gb_uneven gwolle-gb-uneven\">\n\t\t\t\t<article>\n\t\t\t\t\t<div class=\"gb-author-info\">\n\t\t\t\t\t\t<span class=\"gb-author-name\">Aur\u00e9lia Pfister\n\t\t\t\t\t\t<\/span>\n\t\t\t\t\t\t<span class=\"gb-datetime\">\n\t\t\t\t\t\t\t<span class=\"gb-date\"><span class=\"gb-date-wrote-text\"> a \u00e9crit le<\/span><span class=\"gb-date-text\"> 1 avril 2008<\/span>\n\t\t\t\t\t\t\t<\/span>\n\t\t\t\t\t\t<\/span> \n\t\t\t\t\t<\/div>\n\t\t\t\t\t<div class=\"gb-entry-content\">Bonjour,Merci encore pour votre solidarit\u00e9 et votre magnifique couette qui reste aupr\u00e8s de notre fille pendant cette \u00e9preuve difficile.Cordiales salutations.\n\t\t\t\t\t<\/div>\n\t\t\t\t<\/article>\n\t\t\t<\/div>\n\t\t\t<div class=\"gb-entry gb-entry_23 gb-entry-count_12 gwolle_gb_even gwolle-gb-even\">\n\t\t\t\t<article>\n\t\t\t\t\t<div class=\"gb-author-info\">\n\t\t\t\t\t\t<span class=\"gb-author-name\">Th\u00e9r\u00e8se Ta Paschoud\n\t\t\t\t\t\t<\/span>\n\t\t\t\t\t\t<span class=\"gb-datetime\">\n\t\t\t\t\t\t\t<span class=\"gb-date\"><span class=\"gb-date-wrote-text\"> a \u00e9crit le<\/span><span class=\"gb-date-text\"> 1 mars 2008<\/span>\n\t\t\t\t\t\t\t<\/span>\n\t\t\t\t\t\t<\/span> \n\t\t\t\t\t<\/div>\n\t\t\t\t\t<div class=\"gb-entry-content\">Bonsoir,Parmi les b\u00e9b\u00e9s qui ont re\u00e7us vos magnifiques couettes ce 6 f\u00e9vrier 2008, se trouvait mon fils. Mon mari et moi avons \u00e9t\u00e9 tr\u00e8s touch\u00e9s par votre attention et cette couette a surement \u00e9t\u00e9 un \u00e9l\u00e9ment important dans sa convalescence.Je n&#039;ai pas eu l&#039;occasion de remplir votre livre d&#039;or alors j&#039;esp\u00e8re que ce commentaire pourra le remplacer un peu.Nous souhaitons encore une fois vous remercier et vous f\u00e9liciter pour votre d\u00e9marche qui am\u00e8ne beaucoup de chaleur et de r\u00e9confort \u00e0 toutes les familles confront\u00e9es \u00e0 l&#039;hospitalisation d&#039;un enfant en n\u00e9onatalogie.\n\t\t\t\t\t<\/div>\n\t\t\t\t<\/article>\n\t\t\t<\/div>\n\t\t\t<\/div><\/div><\/code><\/pre>\n","protected":false},"excerpt":{"rendered":"","protected":false},"author":1,"featured_media":0,"parent":1378,"menu_order":1,"comment_status":"closed","ping_status":"closed","template":"","meta":{"ngg_post_thumbnail":0},"_links":{"self":[{"href":"https:\/\/www.lacouetteducoeur.ch\/wp\/wp-json\/wp\/v2\/pages\/1380"}],"collection":[{"href":"https:\/\/www.lacouetteducoeur.ch\/wp\/wp-json\/wp\/v2\/pages"}],"about":[{"href":"https:\/\/www.lacouetteducoeur.ch\/wp\/wp-json\/wp\/v2\/types\/page"}],"author":[{"embeddable":true,"href":"https:\/\/www.lacouetteducoeur.ch\/wp\/wp-json\/wp\/v2\/users\/1"}],"replies":[{"embeddable":true,"href":"https:\/\/www.lacouetteducoeur.ch\/wp\/wp-json\/wp\/v2\/comments?post=1380"}],"version-history":[{"count":1,"href":"https:\/\/www.lacouetteducoeur.ch\/wp\/wp-json\/wp\/v2\/pages\/1380\/revisions"}],"predecessor-version":[{"id":1381,"href":"https:\/\/www.lacouetteducoeur.ch\/wp\/wp-json\/wp\/v2\/pages\/1380\/revisions\/1381"}],"up":[{"embeddable":true,"href":"https:\/\/www.lacouetteducoeur.ch\/wp\/wp-json\/wp\/v2\/pages\/1378"}],"wp:attachment":[{"href":"https:\/\/www.lacouetteducoeur.ch\/wp\/wp-json\/wp\/v2\/media?parent=1380"}],"curies":[{"name":"wp","href":"https:\/\/api.w.org\/{rel}","templated":true}]}}